{"id":670,"date":"2021-11-30T21:43:36","date_gmt":"2021-11-30T21:43:36","guid":{"rendered":"https:\/\/immo-bds.be\/?page_id=670"},"modified":"2024-08-15T22:08:57","modified_gmt":"2024-08-15T20:08:57","slug":"appartement-3-chambres-de-139-m2-a-nechin","status":"publish","type":"page","link":"https:\/\/immo-bds.be\/index.php\/appartement-3-chambres-de-139-m2-a-nechin\/","title":{"rendered":"Appartement 3 chambres de 139 m\u00b2 \u00e0 N\u00e9chin"},"content":{"rendered":"<p>[et_pb_section fb_built=\u00a0\u00bb1&Prime; module_id=\u00a0\u00bbtop\u00a0\u00bb _builder_version=\u00a0\u00bb4.16&Prime; _module_preset=\u00a0\u00bbdefault\u00a0\u00bb background_color=\u00a0\u00bb#FFFFFF\u00a0\u00bb background_enable_image=\u00a0\u00bboff\u00a0\u00bb positioning=\u00a0\u00bbabsolute\u00a0\u00bb z_index=\u00a0\u00bb9999&Prime; height_tablet=\u00a0\u00bb100vh\u00a0\u00bb height_phone=\u00a0\u00bb87vh\u00a0\u00bb height_last_edited=\u00a0\u00bboff|desktop\u00a0\u00bb custom_margin=\u00a0\u00bb0px|0px|0px|0px|false|false\u00a0\u00bb custom_padding=\u00a0\u00bb0px|5vw|0px|5vw|false|false\u00a0\u00bb global_colors_info=\u00a0\u00bb{}\u00a0\u00bb][et_pb_row column_structure=\u00a0\u00bb1_4,3_4&Prime; use_custom_gutter=\u00a0\u00bbon\u00a0\u00bb gutter_width=\u00a0\u00bb1&Prime; make_equal=\u00a0\u00bbon\u00a0\u00bb custom_padding_last_edited=\u00a0\u00bbon|phone\u00a0\u00bb _builder_version=\u00a0\u00bb4.16&Prime; _module_preset=\u00a0\u00bbdefault\u00a0\u00bb width=\u00a0\u00bb100%\u00a0\u00bb max_width=\u00a0\u00bb100%\u00a0\u00bb module_alignment=\u00a0\u00bbcenter\u00a0\u00bb custom_margin=\u00a0\u00bb0px|0px|0px|0px|false|false\u00a0\u00bb custom_padding=\u00a0\u00bb1vw|0px|1vw|0px|false|false\u00a0\u00bb custom_padding_tablet=\u00a0\u00bb2vw||2vw||false|false\u00a0\u00bb custom_padding_phone=\u00a0\u00bb5vw|0px|5vw|0px|false|false\u00a0\u00bb global_colors_info=\u00a0\u00bb{}\u00a0\u00bb custom_css_main_element_last_edited=\u00a0\u00bbon|tablet\u00a0\u00bb custom_css_main_element_phone=\u00a0\u00bbdisplay:flex;||align-items:center;\u00a0\u00bb custom_css_main_element_tablet=\u00a0\u00bbdisplay:flex;||align-items:center;\u00a0\u00bb][et_pb_column type=\u00a0\u00bb1_4&Prime; _builder_version=\u00a0\u00bb4.16&Prime; _module_preset=\u00a0\u00bbdefault\u00a0\u00bb custom_css_main_element=\u00a0\u00bbdisplay: flex;||flex-direction: column;||justify-content: center;\u00a0\u00bb global_colors_info=\u00a0\u00bb{}\u00a0\u00bb][et_pb_image src=\u00a0\u00bbhttps:\/\/immo-bds.be\/wp-content\/uploads\/2021\/06\/Immo-BDS_Re\u0301sidence_La_Roye\u0300re_Logo-03.svg\u00a0\u00bb alt=\u00a0\u00bbimmo-bds.be | R\u00e9sidence La Roy\u00e8re | N\u00e9chin\u00a0\u00bb title_text=\u00a0\u00bbimmo-bds.be | R\u00e9sidence La Roy\u00e8re | N\u00e9chin\u00a0\u00bb url=\u00a0\u00bbhttps:\/\/immo-bds.be\/\u00a0\u00bb _builder_version=\u00a0\u00bb4.16&Prime; _module_preset=\u00a0\u00bbdefault\u00a0\u00bb width_tablet=\u00a0\u00bb25vw\u00a0\u00bb width_phone=\u00a0\u00bb40vw\u00a0\u00bb width_last_edited=\u00a0\u00bbon|phone\u00a0\u00bb max_width_tablet=\u00a0\u00bb25vw\u00a0\u00bb max_width_phone=\u00a0\u00bb40vw\u00a0\u00bb max_width_last_edited=\u00a0\u00bbon|phone\u00a0\u00bb height=\u00a0\u00bb3.2vw\u00a0\u00bb height_tablet=\u00a0\u00bb6vw\u00a0\u00bb height_phone=\u00a0\u00bb11vw\u00a0\u00bb height_last_edited=\u00a0\u00bbon|phone\u00a0\u00bb custom_margin=\u00a0\u00bb0.2vw||||false|false\u00a0\u00bb global_colors_info=\u00a0\u00bb{}\u00a0\u00bb][\/et_pb_image][\/et_pb_column][et_pb_column type=\u00a0\u00bb3_4&Prime; _builder_version=\u00a0\u00bb4.16&Prime; _module_preset=\u00a0\u00bbdefault\u00a0\u00bb custom_css_main_element=\u00a0\u00bbdisplay: flex;||flex-direction: column;||justify-content: center;\u00a0\u00bb global_colors_info=\u00a0\u00bb{}\u00a0\u00bb][et_pb_menu menu_id=\u00a0\u00bb2&Prime; active_link_color=\u00a0\u00bb#000000&Prime; dropdown_menu_bg_color=\u00a0\u00bb#FFFFFF\u00a0\u00bb dropdown_menu_line_color=\u00a0\u00bb#FFFFFF\u00a0\u00bb dropdown_menu_text_color=\u00a0\u00bb#000000&Prime; dropdown_menu_active_link_color=\u00a0\u00bb#000000&Prime; mobile_menu_bg_color=\u00a0\u00bb#FFFFFF\u00a0\u00bb mobile_menu_text_color=\u00a0\u00bb#000000&Prime; cart_icon_color=\u00a0\u00bb#000000&Prime; search_icon_color=\u00a0\u00bb#000000&Prime; menu_icon_color=\u00a0\u00bb#000000&Prime; logo_max_height_tablet=\u00a0\u00bb\u00a0\u00bb logo_max_height_phone=\u00a0\u00bb50vw\u00a0\u00bb logo_max_height_last_edited=\u00a0\u00bbon|phone\u00a0\u00bb _builder_version=\u00a0\u00bb4.16&Prime; _module_preset=\u00a0\u00bbdefault\u00a0\u00bb menu_font=\u00a0\u00bb|600|||||||\u00a0\u00bb menu_text_color=\u00a0\u00bb#000000&Prime; menu_font_size=\u00a0\u00bb15px\u00a0\u00bb background_color=\u00a0\u00bbRGBA(0,0,0,0)\u00a0\u00bb position_origin_a_tablet=\u00a0\u00bb\u00a0\u00bb position_origin_a_phone=\u00a0\u00bbtop_right\u00a0\u00bb position_origin_a_last_edited=\u00a0\u00bbon|phone\u00a0\u00bb position_origin_f_tablet=\u00a0\u00bb\u00a0\u00bb position_origin_f_phone=\u00a0\u00bb\u00a0\u00bb position_origin_f_last_edited=\u00a0\u00bbon|phone\u00a0\u00bb position_origin_r_tablet=\u00a0\u00bb\u00a0\u00bb position_origin_r_phone=\u00a0\u00bb\u00a0\u00bb position_origin_r_last_edited=\u00a0\u00bbon|phone\u00a0\u00bb text_orientation=\u00a0\u00bbright\u00a0\u00bb width_tablet=\u00a0\u00bb50vw\u00a0\u00bb width_phone=\u00a0\u00bb50vw\u00a0\u00bb width_last_edited=\u00a0\u00bbon|phone\u00a0\u00bb max_width_tablet=\u00a0\u00bb50vw\u00a0\u00bb max_width_phone=\u00a0\u00bb\u00a0\u00bb max_width_last_edited=\u00a0\u00bbon|phone\u00a0\u00bb module_alignment=\u00a0\u00bbright\u00a0\u00bb positioning_tablet=\u00a0\u00bb\u00a0\u00bb positioning_phone=\u00a0\u00bbnone\u00a0\u00bb positioning_last_edited=\u00a0\u00bbon|phone\u00a0\u00bb custom_css_menu_link=\u00a0\u00bbmargin-right:2px;||margin-left:2px;\u00a0\u00bb locked=\u00a0\u00bboff\u00a0\u00bb global_colors_info=\u00a0\u00bb{}\u00a0\u00bb menu_text_color__hover_enabled=\u00a0\u00bbon|hover\u00a0\u00bb menu_text_color__hover=\u00a0\u00bbrgba(0,0,0,0.45)\u00a0\u00bb custom_css_main_element_last_edited=\u00a0\u00bboff|desktop\u00a0\u00bb][\/et_pb_menu][\/et_pb_column][\/et_pb_row][\/et_pb_section][et_pb_section fb_built=\u00a0\u00bb1&Prime; fullwidth=\u00a0\u00bbon\u00a0\u00bb _builder_version=\u00a0\u00bb4.27.0&Prime; _module_preset=\u00a0\u00bbdefault\u00a0\u00bb global_colors_info=\u00a0\u00bb{}\u00a0\u00bb][et_pb_fullwidth_slider use_bg_overlay=\u00a0\u00bboff\u00a0\u00bb _builder_version=\u00a0\u00bb4.27.0&Prime; _module_preset=\u00a0\u00bbdefault\u00a0\u00bb header_level=\u00a0\u00bbh6&Prime; header_font=\u00a0\u00bb||on||||||\u00a0\u00bb header_text_align=\u00a0\u00bbleft\u00a0\u00bb header_text_color=\u00a0\u00bb#000000&Prime; header_font_size=\u00a0\u00bb30px\u00a0\u00bb header_line_height=\u00a0\u00bb1.2em\u00a0\u00bb custom_button=\u00a0\u00bbon\u00a0\u00bb button_text_color=\u00a0\u00bb#FFFFFF\u00a0\u00bb button_bg_color=\u00a0\u00bb#91AACA\u00a0\u00bb button_border_width=\u00a0\u00bb0px\u00a0\u00bb button_border_radius=\u00a0\u00bb0px\u00a0\u00bb button_icon=\u00a0\u00bb%%1%%\u00a0\u00bb button_alignment=\u00a0\u00bbleft\u00a0\u00bb text_orientation=\u00a0\u00bbleft\u00a0\u00bb width=\u00a0\u00bb100%\u00a0\u00bb height=\u00a0\u00bb80vh\u00a0\u00bb height_tablet=\u00a0\u00bb100vh\u00a0\u00bb height_phone=\u00a0\u00bb87vh\u00a0\u00bb height_last_edited=\u00a0\u00bbon|phone\u00a0\u00bb custom_margin=\u00a0\u00bb0px|0px|0px|0px|false|false\u00a0\u00bb custom_padding=\u00a0\u00bb0px|0px|0px|0px|false|false\u00a0\u00bb auto=\u00a0\u00bbon\u00a0\u00bb auto_speed=\u00a0\u00bb6000&Prime; auto_ignore_hover=\u00a0\u00bbon\u00a0\u00bb global_colors_info=\u00a0\u00bb{}\u00a0\u00bb button_bg_color__hover=\u00a0\u00bb#576679&Prime; button_bg_color__hover_enabled=\u00a0\u00bbon|desktop\u00a0\u00bb][et_pb_slide heading=\u00a0\u00bbSitu\u00e9 au centre du village de N\u00e9chin en Belgique, cet appartement duplex neuf offre 3 belles chambres et un volume de 139m\u00b2\u00a0\u00bb button_text=\u00a0\u00bbVoir en images\u00a0\u00bb button_link=\u00a0\u00bb#en-image\u00a0\u00bb use_bg_overlay=\u00a0\u00bboff\u00a0\u00bb arrows_custom_color=\u00a0\u00bb#FFFFFF\u00a0\u00bb dot_nav_custom_color=\u00a0\u00bb#FFFFFF\u00a0\u00bb _builder_version=\u00a0\u00bb4.27.0&Prime; _module_preset=\u00a0\u00bbdefault\u00a0\u00bb background_image=\u00a0\u00bbhttps:\/\/immo-bds.be\/wp-content\/uploads\/2024\/08\/20240812_112528-scaled.jpg\u00a0\u00bb background_enable_image=\u00a0\u00bbon\u00a0\u00bb background_position=\u00a0\u00bbtop_center\u00a0\u00bb background_vertical_offset=\u00a0\u00bb2%\u00a0\u00bb filter_saturate=\u00a0\u00bb114%\u00a0\u00bb filter_brightness=\u00a0\u00bb93%\u00a0\u00bb filter_contrast=\u00a0\u00bb122%\u00a0\u00bb child_filter_contrast=\u00a0\u00bb111%\u00a0\u00bb child_mix_blend_mode=\u00a0\u00bboverlay\u00a0\u00bb custom_css_slide_title=\u00a0\u00bbbackground-color:#ffffff;||padding:1vw 1vw 1.2vw 1.4vw;||width:50vw;\u00a0\u00bb text_shadow_style=\u00a0\u00bbpreset3&Prime; text_shadow_blur_strength=\u00a0\u00bb0em\u00a0\u00bb text_shadow_color=\u00a0\u00bbRGBA(0,0,0,0)\u00a0\u00bb global_colors_info=\u00a0\u00bb{}\u00a0\u00bb custom_css_slide_title_last_edited=\u00a0\u00bbon|phone\u00a0\u00bb custom_css_slide_title_phone=\u00a0\u00bbbackground-color:#ffffff;||padding:2vw 2vw 2.2vw 2.4vw;||width:75vw;\u00a0\u00bb custom_css_slide_title_tablet=\u00a0\u00bbbackground-color:#ffffff;||padding:1vw 1vw 1.2vw 1.4vw;||width:50vw;\u00a0\u00bb sticky_transition=\u00a0\u00bbon\u00a0\u00bb][\/et_pb_slide][et_pb_slide heading=\u00a0\u00bbEspaces de vie lumineux et confortables, accessible par un ascenseur privatif, un balcon et une terrasse.\u00a0\u00bb button_text=\u00a0\u00bbEn savoir plus\u00a0\u00bb button_link=\u00a0\u00bb#decouvrir\u00a0\u00bb use_bg_overlay=\u00a0\u00bboff\u00a0\u00bb arrows_custom_color=\u00a0\u00bb#FFFFFF\u00a0\u00bb dot_nav_custom_color=\u00a0\u00bb#FFFFFF\u00a0\u00bb _builder_version=\u00a0\u00bb4.16&Prime; _module_preset=\u00a0\u00bbdefault\u00a0\u00bb background_image=\u00a0\u00bbhttps:\/\/immo-bds.be\/wp-content\/uploads\/2021\/11\/Appartement-neuf-duplex-3-chambres-Nechin-1920-002.jpg\u00a0\u00bb background_enable_image=\u00a0\u00bbon\u00a0\u00bb custom_css_slide_title=\u00a0\u00bbbackground-color:#ffffff;||padding:1vw 1vw 1.2vw 1.4vw;||width:50vw;\u00a0\u00bb text_shadow_style=\u00a0\u00bbpreset3&Prime; text_shadow_blur_strength=\u00a0\u00bb0em\u00a0\u00bb text_shadow_color=\u00a0\u00bbRGBA(0,0,0,0)\u00a0\u00bb global_colors_info=\u00a0\u00bb{}\u00a0\u00bb custom_css_slide_title_last_edited=\u00a0\u00bbon|phone\u00a0\u00bb custom_css_slide_title_phone=\u00a0\u00bbbackground-color:#ffffff;||padding:2vw 2vw 2.2vw 2.4vw;||width:75vw;\u00a0\u00bb custom_css_slide_title_tablet=\u00a0\u00bbbackground-color:#ffffff;||padding:1vw 1vw 1.2vw 1.4vw;||width:50vw;\u00a0\u00bb sticky_transition=\u00a0\u00bbon\u00a0\u00bb][\/et_pb_slide][et_pb_slide heading=\u00a0\u00bbFinition soign\u00e9es, chauffage au sol, carrelage et parquet semi-massif.\u00a0\u00bb button_text=\u00a0\u00bbNous contacter\u00a0\u00bb button_link=\u00a0\u00bb#contact\u00a0\u00bb use_bg_overlay=\u00a0\u00bboff\u00a0\u00bb arrows_custom_color=\u00a0\u00bb#FFFFFF\u00a0\u00bb dot_nav_custom_color=\u00a0\u00bb#FFFFFF\u00a0\u00bb _builder_version=\u00a0\u00bb4.27.0&Prime; _module_preset=\u00a0\u00bbdefault\u00a0\u00bb background_image=\u00a0\u00bbhttps:\/\/immo-bds.be\/wp-content\/uploads\/2021\/11\/Appartement-neuf-duplex-3-chambres-Nechin-1920-003.jpg\u00a0\u00bb background_enable_image=\u00a0\u00bbon\u00a0\u00bb background_position=\u00a0\u00bbtop_center\u00a0\u00bb background_vertical_offset=\u00a0\u00bb52%\u00a0\u00bb custom_css_slide_title=\u00a0\u00bbbackground-color:#ffffff;||padding:1vw 1vw 1.2vw 1.4vw;||width:50vw;\u00a0\u00bb text_shadow_style=\u00a0\u00bbpreset3&Prime; text_shadow_blur_strength=\u00a0\u00bb0em\u00a0\u00bb text_shadow_color=\u00a0\u00bbRGBA(0,0,0,0)\u00a0\u00bb global_colors_info=\u00a0\u00bb{}\u00a0\u00bb custom_css_slide_title_last_edited=\u00a0\u00bbon|phone\u00a0\u00bb custom_css_slide_title_phone=\u00a0\u00bbbackground-color:#ffffff;||padding:2vw 2vw 2.2vw 2.4vw;||width:75vw;\u00a0\u00bb custom_css_slide_title_tablet=\u00a0\u00bbbackground-color:#ffffff;||padding:1vw 1vw 1.2vw 1.4vw;||width:50vw;\u00a0\u00bb sticky_transition=\u00a0\u00bbon\u00a0\u00bb][\/et_pb_slide][\/et_pb_fullwidth_slider][\/et_pb_section][et_pb_section fb_built=\u00a0\u00bb1&Prime; custom_padding_last_edited=\u00a0\u00bbon|phone\u00a0\u00bb module_id=\u00a0\u00bbdecouvrir\u00a0\u00bb _builder_version=\u00a0\u00bb4.16&Prime; _module_preset=\u00a0\u00bbdefault\u00a0\u00bb custom_margin=\u00a0\u00bb0px|0px|0px|0px|false|false\u00a0\u00bb custom_padding=\u00a0\u00bb5vw|5vw|5vw|5vw|true|true\u00a0\u00bb custom_padding_tablet=\u00a0\u00bb\u00a0\u00bb custom_padding_phone=\u00a0\u00bb14vw|7vw|14vw|7vw|true|true\u00a0\u00bb global_colors_info=\u00a0\u00bb{}\u00a0\u00bb][et_pb_row column_structure=\u00a0\u00bb2_5,3_5&Prime; use_custom_gutter=\u00a0\u00bbon\u00a0\u00bb gutter_width=\u00a0\u00bb1&Prime; make_equal=\u00a0\u00bbon\u00a0\u00bb _builder_version=\u00a0\u00bb4.16&Prime; _module_preset=\u00a0\u00bbdefault\u00a0\u00bb width=\u00a0\u00bb100%\u00a0\u00bb max_width=\u00a0\u00bb100%\u00a0\u00bb module_alignment=\u00a0\u00bbcenter\u00a0\u00bb custom_margin=\u00a0\u00bb0px|0px|0px|0px|false|false\u00a0\u00bb custom_padding=\u00a0\u00bb0px|0px|0px|0px|false|false\u00a0\u00bb global_colors_info=\u00a0\u00bb{}\u00a0\u00bb][et_pb_column type=\u00a0\u00bb2_5&Prime; _builder_version=\u00a0\u00bb4.16&Prime; _module_preset=\u00a0\u00bbdefault\u00a0\u00bb border_width_right=\u00a0\u00bb1.25vw\u00a0\u00bb border_color_right=\u00a0\u00bb#FFFFFF\u00a0\u00bb global_colors_info=\u00a0\u00bb{}\u00a0\u00bb][et_pb_text _builder_version=\u00a0\u00bb4.16&Prime; _module_preset=\u00a0\u00bbdefault\u00a0\u00bb text_font=\u00a0\u00bb|300|||||||\u00a0\u00bb text_text_color=\u00a0\u00bbrgba(193,6,0,0.75)\u00a0\u00bb text_font_size=\u00a0\u00bb30px\u00a0\u00bb text_line_height=\u00a0\u00bb1.2em\u00a0\u00bb header_font=\u00a0\u00bb|700|||||||\u00a0\u00bb header_text_align=\u00a0\u00bbright\u00a0\u00bb header_text_color=\u00a0\u00bb#576679&Prime; header_font_size=\u00a0\u00bb50px\u00a0\u00bb header_line_height=\u00a0\u00bb1.2em\u00a0\u00bb text_orientation=\u00a0\u00bbright\u00a0\u00bb header_text_align_tablet=\u00a0\u00bbleft\u00a0\u00bb header_text_align_phone=\u00a0\u00bb\u00a0\u00bb header_text_align_last_edited=\u00a0\u00bbon|tablet\u00a0\u00bb text_orientation_tablet=\u00a0\u00bbleft\u00a0\u00bb text_orientation_phone=\u00a0\u00bb\u00a0\u00bb text_orientation_last_edited=\u00a0\u00bbon|tablet\u00a0\u00bb global_colors_info=\u00a0\u00bb{}\u00a0\u00bb]<\/p>\n<h1>Appartement neuf duplex 3 chambres <span style=\"color: #91aaca;\">\u00e0 vendre<\/span> \u00e0 N\u00e9chin<\/h1>\n<p>[\/et_pb_text][et_pb_button button_url=\u00a0\u00bb#en-image\u00a0\u00bb button_text=\u00a0\u00bbPlus de d\u00e9tails\u00a0\u00bb button_alignment=\u00a0\u00bbright\u00a0\u00bb button_alignment_tablet=\u00a0\u00bbleft\u00a0\u00bb button_alignment_phone=\u00a0\u00bb\u00a0\u00bb button_alignment_last_edited=\u00a0\u00bbon|tablet\u00a0\u00bb _builder_version=\u00a0\u00bb4.16&Prime; _module_preset=\u00a0\u00bbdefault\u00a0\u00bb custom_button=\u00a0\u00bbon\u00a0\u00bb button_text_color=\u00a0\u00bb#FFFFFF\u00a0\u00bb button_bg_color=\u00a0\u00bbRGBA(145,170,202,0.75)\u00a0\u00bb button_border_width=\u00a0\u00bb0px\u00a0\u00bb button_border_radius=\u00a0\u00bb0px\u00a0\u00bb button_icon=\u00a0\u00bb&#x33;||divi||400&Prime; position_origin_a=\u00a0\u00bbbottom_right\u00a0\u00bb custom_margin=\u00a0\u00bb1.5vw||||false|false\u00a0\u00bb global_colors_info=\u00a0\u00bb{}\u00a0\u00bb button_bg_color__hover_enabled=\u00a0\u00bbon|hover\u00a0\u00bb button_bg_color__hover=\u00a0\u00bb#91AACA\u00a0\u00bb button_bg_enable_color__hover=\u00a0\u00bbon\u00a0\u00bb][\/et_pb_button][et_pb_button button_url=\u00a0\u00bbhttps:\/\/immo-bds.be\/wp-content\/uploads\/2021\/12\/Plan-appartement-Duplex-3-chambres-Residence-La-Royeres-Nechin.pdf\u00a0\u00bb url_new_window=\u00a0\u00bbon\u00a0\u00bb button_text=\u00a0\u00bbT\u00e9l\u00e9charger le plan\u00a0\u00bb button_alignment=\u00a0\u00bbright\u00a0\u00bb button_alignment_tablet=\u00a0\u00bbleft\u00a0\u00bb button_alignment_phone=\u00a0\u00bb\u00a0\u00bb button_alignment_last_edited=\u00a0\u00bbon|tablet\u00a0\u00bb _builder_version=\u00a0\u00bb4.16&Prime; _module_preset=\u00a0\u00bbdefault\u00a0\u00bb custom_button=\u00a0\u00bbon\u00a0\u00bb button_text_color=\u00a0\u00bb#FFFFFF\u00a0\u00bb button_bg_color=\u00a0\u00bbRGBA(145,170,202,0.75)\u00a0\u00bb button_border_width=\u00a0\u00bb0px\u00a0\u00bb button_border_radius=\u00a0\u00bb0px\u00a0\u00bb button_icon=\u00a0\u00bb&#x33;||divi||400&Prime; position_origin_a=\u00a0\u00bbbottom_right\u00a0\u00bb custom_margin=\u00a0\u00bb1.5vw||||false|false\u00a0\u00bb global_colors_info=\u00a0\u00bb{}\u00a0\u00bb button_bg_color__hover_enabled=\u00a0\u00bbon|hover\u00a0\u00bb button_bg_color__hover=\u00a0\u00bb#91AACA\u00a0\u00bb button_bg_enable_color__hover=\u00a0\u00bbon\u00a0\u00bb][\/et_pb_button][\/et_pb_column][et_pb_column type=\u00a0\u00bb3_5&Prime; _builder_version=\u00a0\u00bb4.16&Prime; _module_preset=\u00a0\u00bbdefault\u00a0\u00bb border_width_left=\u00a0\u00bb1.25vw\u00a0\u00bb border_color_left=\u00a0\u00bb#FFFFFF\u00a0\u00bb border_width_left_tablet=\u00a0\u00bb0vw\u00a0\u00bb border_width_left_phone=\u00a0\u00bb\u00a0\u00bb border_width_left_last_edited=\u00a0\u00bbon|tablet\u00a0\u00bb global_colors_info=\u00a0\u00bb{}\u00a0\u00bb][et_pb_text _builder_version=\u00a0\u00bb4.16&Prime; _module_preset=\u00a0\u00bbdefault\u00a0\u00bb text_text_color=\u00a0\u00bb#000000&Prime; text_font_size=\u00a0\u00bb16px\u00a0\u00bb link_text_color=\u00a0\u00bb#576679&Prime; header_2_text_color=\u00a0\u00bb#91AACA\u00a0\u00bb header_2_font_size=\u00a0\u00bb31px\u00a0\u00bb header_2_line_height=\u00a0\u00bb1.2em\u00a0\u00bb custom_margin=\u00a0\u00bb0px||||false|false\u00a0\u00bb custom_margin_tablet=\u00a0\u00bb5vw||||false|false\u00a0\u00bb custom_margin_phone=\u00a0\u00bb10vw||||false|false\u00a0\u00bb custom_margin_last_edited=\u00a0\u00bbon|tablet\u00a0\u00bb global_colors_info=\u00a0\u00bb{}\u00a0\u00bb link_text_color__hover_enabled=\u00a0\u00bbon|hover\u00a0\u00bb link_text_color__hover=\u00a0\u00bb#91AACA\u00a0\u00bb]<\/p>\n<h2>Dans une r\u00e9sidence contemporaine situ\u00e9e au centre du village de N\u00e9chin, entre Tournai et Mouscron, cet appartement duplex neuf offre 3 belles chambres et un volume de 139m\u00b2<\/h2>\n<p><strong>Les atouts de ce duplex 3 chambres sont nombreux\u00a0: <\/strong><\/p>\n<ul>\n<li>Espaces de vie lumineux et confortables ;<\/li>\n<li>Accessible par un ascenseur privatif ;<\/li>\n<li>Un balcon et une terrasse ;<\/li>\n<li>Finition soign\u00e9es ;<\/li>\n<li>Chauffage au sol ;<\/li>\n<li>Rev\u00eatement de sol : carrelage et parquet semi-massif.<\/li>\n<li>PEB \u00ab A \u00bb<\/li>\n<\/ul>\n<p><strong>Pour tout renseignement, <a href=\"#contact\">contactez-nous<\/a>\u00a0!<\/strong><\/p>\n<p>[\/et_pb_text][\/et_pb_column][\/et_pb_row][\/et_pb_section][et_pb_section fb_built=\u00a0\u00bb1&Prime; custom_padding_last_edited=\u00a0\u00bbon|phone\u00a0\u00bb module_id=\u00a0\u00bbqualite-confort-efficience\u00a0\u00bb _builder_version=\u00a0\u00bb4.16&Prime; _module_preset=\u00a0\u00bbdefault\u00a0\u00bb background_image=\u00a0\u00bbhttps:\/\/immo-bds.be\/wp-content\/uploads\/2021\/11\/Appartement-neuf-duplex-3-chambres-Nechin-1920-001.jpg\u00a0\u00bb parallax=\u00a0\u00bbon\u00a0\u00bb custom_margin=\u00a0\u00bb0px|0px|0px|0px|false|false\u00a0\u00bb custom_padding=\u00a0\u00bb5vw|5vw|5vw|5vw|true|true\u00a0\u00bb custom_padding_tablet=\u00a0\u00bb\u00a0\u00bb custom_padding_phone=\u00a0\u00bb14vw|7vw|14vw|7vw|true|true\u00a0\u00bb global_colors_info=\u00a0\u00bb{}\u00a0\u00bb][et_pb_row column_structure=\u00a0\u00bb1_2,1_2&Prime; use_custom_gutter=\u00a0\u00bbon\u00a0\u00bb gutter_width=\u00a0\u00bb1&Prime; make_equal=\u00a0\u00bbon\u00a0\u00bb _builder_version=\u00a0\u00bb4.16&Prime; _module_preset=\u00a0\u00bbdefault\u00a0\u00bb width=\u00a0\u00bb100%\u00a0\u00bb max_width=\u00a0\u00bb100%\u00a0\u00bb module_alignment=\u00a0\u00bbcenter\u00a0\u00bb custom_margin=\u00a0\u00bb0px|0px|0px|0px|false|false\u00a0\u00bb custom_padding=\u00a0\u00bb0px|0px|0px|0px|false|false\u00a0\u00bb global_colors_info=\u00a0\u00bb{}\u00a0\u00bb][et_pb_column type=\u00a0\u00bb1_2&Prime; _builder_version=\u00a0\u00bb4.16&Prime; _module_preset=\u00a0\u00bbdefault\u00a0\u00bb global_colors_info=\u00a0\u00bb{}\u00a0\u00bb][\/et_pb_column][et_pb_column type=\u00a0\u00bb1_2&Prime; _builder_version=\u00a0\u00bb4.16&Prime; _module_preset=\u00a0\u00bbdefault\u00a0\u00bb background_color=\u00a0\u00bb#FFFFFF\u00a0\u00bb custom_padding=\u00a0\u00bb2.5vw|2.5vw|2.5vw|2.5vw|true|true\u00a0\u00bb custom_padding_tablet=\u00a0\u00bb\u00a0\u00bb custom_padding_phone=\u00a0\u00bb5vw|5vw|5vw|5vw|true|true\u00a0\u00bb custom_padding_last_edited=\u00a0\u00bbon|phone\u00a0\u00bb global_colors_info=\u00a0\u00bb{}\u00a0\u00bb][et_pb_text _builder_version=\u00a0\u00bb4.16&Prime; _module_preset=\u00a0\u00bbdefault\u00a0\u00bb text_text_color=\u00a0\u00bb#000000&Prime; text_font_size=\u00a0\u00bb16px\u00a0\u00bb link_text_color=\u00a0\u00bb#576679&Prime; header_2_font=\u00a0\u00bb|600|||||||\u00a0\u00bb header_2_text_color=\u00a0\u00bb#576679&Prime; header_2_font_size=\u00a0\u00bb31px\u00a0\u00bb header_2_line_height=\u00a0\u00bb1.2em\u00a0\u00bb header_5_font=\u00a0\u00bb|300||on|||||\u00a0\u00bb header_5_text_color=\u00a0\u00bbRGBA(87,102,121,0.75)\u00a0\u00bb header_5_font_size=\u00a0\u00bb20px\u00a0\u00bb header_5_line_height=\u00a0\u00bb1.2em\u00a0\u00bb custom_margin=\u00a0\u00bb0px||||false|false\u00a0\u00bb global_colors_info=\u00a0\u00bb{}\u00a0\u00bb link_text_color__hover_enabled=\u00a0\u00bbon|hover\u00a0\u00bb link_text_color__hover=\u00a0\u00bb#91AACA\u00a0\u00bb]<\/p>\n<h2 style=\"margin-bottom: 5px;\">Occupant le deuxi\u00e8me \u00e9tage ainsi que les combles, ce magnifique duplex neuf de 139m\u00b2 (terrasse et balcon inclus) offre \u00e9galement des prestations de haute qualit\u00e9.<\/h2>\n<p>Le travail architectural laisse une <strong>belle place \u00e0 la lumi\u00e8re et aux volumes<\/strong> : un balcon et une terrasse, vaste s\u00e9jour, belle cuisine fonctionnelle enti\u00e8rement \u00e9quip\u00e9e, chambre, buanderie et salle de bain avec douche et baignoire.<\/p>\n<p>En plus d\u2019un <strong>bel espace de 15 m\u00b2 am\u00e9nageable<\/strong> selon vos d\u00e9sirs et besoins ; ce duplex offre \u00e9galement <strong>un autre grand espace de 22 m\u00b2<\/strong> sous les combles auquel vous acc\u00e9derez par un tr\u00e8s bel escalier design et donnerez la destination de votre choix. Une seconde salle d\u2019eau pourrait m\u00eame y \u00eatre am\u00e9nag\u00e9e.<\/p>\n<p>Comble du raffinement, <strong>un ascenseur privatif<\/strong> vous y conduit depuis le hall commun du rez-de-chauss\u00e9e.<\/p>\n<p><img loading=\"lazy\" decoding=\"async\" src=\"https:\/\/immo-bds.be\/wp-content\/uploads\/2021\/06\/peb_a.svg\" width=\"300\" height=\"300\" alt=\"Immo-bds.be | R\u00e9sidence La Roy\u00e8re \u2013 PEB\" class=\"wp-image-512 alignnone size-medium\" \/><\/p>\n<p>&nbsp;<\/p>\n<p>[\/et_pb_text][et_pb_text _builder_version=\u00a0\u00bb4.27.0&Prime; _module_preset=\u00a0\u00bbdefault\u00a0\u00bb global_colors_info=\u00a0\u00bb{}\u00a0\u00bb]<\/p>\n<h1>Prix\u00a0: <span style=\"text-decoration: line-through;\">295.000 \u20ac\u00a0<\/span>\u00a0 \u00a0<span style=\"color: #ff0000;\">Nouveau prix :<\/span> <span style=\"color: #ff0000;\">270.000 \u20ac<\/span><\/h1>\n<p>Hors frais et hors TVA (temporairement et sous conditions TVA \u00e0 6% \/ plan de relance post-covid).<\/p>\n<p>[\/et_pb_text][et_pb_text _builder_version=\u00a0\u00bb4.16&Prime; _module_preset=\u00a0\u00bbdefault\u00a0\u00bb header_2_text_color=\u00a0\u00bb#91AACA\u00a0\u00bb custom_margin=\u00a0\u00bb30px||||false|false\u00a0\u00bb global_colors_info=\u00a0\u00bb{}\u00a0\u00bb]<\/p>\n<h2>De quoi en faire un vrai coup de c\u0153ur apr\u00e8s votre visite<\/h2>\n<p>[\/et_pb_text][et_pb_button button_url=\u00a0\u00bb#contact\u00a0\u00bb button_text=\u00a0\u00bbJe souhaite visiter l\u2019appartement\u00a0\u00bb button_alignment=\u00a0\u00bbleft\u00a0\u00bb button_alignment_tablet=\u00a0\u00bbleft\u00a0\u00bb button_alignment_phone=\u00a0\u00bb\u00a0\u00bb button_alignment_last_edited=\u00a0\u00bbon|tablet\u00a0\u00bb _builder_version=\u00a0\u00bb4.16&Prime; _module_preset=\u00a0\u00bbdefault\u00a0\u00bb custom_button=\u00a0\u00bbon\u00a0\u00bb button_text_color=\u00a0\u00bb#FFFFFF\u00a0\u00bb button_bg_color=\u00a0\u00bb#576679&Prime; button_border_width=\u00a0\u00bb0px\u00a0\u00bb button_border_radius=\u00a0\u00bb0px\u00a0\u00bb button_icon=\u00a0\u00bb&#x33;||divi||400&Prime; position_origin_a=\u00a0\u00bbbottom_right\u00a0\u00bb custom_margin=\u00a0\u00bb1.5vw||||false|false\u00a0\u00bb global_colors_info=\u00a0\u00bb{}\u00a0\u00bb button_bg_color__hover_enabled=\u00a0\u00bbon|hover\u00a0\u00bb button_bg_color__hover=\u00a0\u00bb#91AACA\u00a0\u00bb button_bg_enable_color__hover=\u00a0\u00bbon\u00a0\u00bb][\/et_pb_button][et_pb_button button_url=\u00a0\u00bbhttps:\/\/immo-bds.be\/wp-content\/uploads\/2021\/12\/Plan-appartement-Duplex-3-chambres-Residence-La-Royeres-Nechin.pdf\u00a0\u00bb url_new_window=\u00a0\u00bbon\u00a0\u00bb button_text=\u00a0\u00bbT\u00e9l\u00e9charger le plan\u00a0\u00bb button_alignment=\u00a0\u00bbleft\u00a0\u00bb button_alignment_tablet=\u00a0\u00bbleft\u00a0\u00bb button_alignment_phone=\u00a0\u00bb\u00a0\u00bb button_alignment_last_edited=\u00a0\u00bbon|tablet\u00a0\u00bb _builder_version=\u00a0\u00bb4.16&Prime; _module_preset=\u00a0\u00bbdefault\u00a0\u00bb custom_button=\u00a0\u00bbon\u00a0\u00bb button_text_color=\u00a0\u00bb#FFFFFF\u00a0\u00bb button_bg_color=\u00a0\u00bbRGBA(145,170,202,0.75)\u00a0\u00bb button_border_width=\u00a0\u00bb0px\u00a0\u00bb button_border_radius=\u00a0\u00bb0px\u00a0\u00bb button_icon=\u00a0\u00bb&#x33;||divi||400&Prime; position_origin_a=\u00a0\u00bbbottom_right\u00a0\u00bb custom_margin=\u00a0\u00bb1.5vw||||false|false\u00a0\u00bb global_colors_info=\u00a0\u00bb{}\u00a0\u00bb button_bg_color__hover_enabled=\u00a0\u00bbon|hover\u00a0\u00bb button_bg_color__hover=\u00a0\u00bb#91AACA\u00a0\u00bb button_bg_enable_color__hover=\u00a0\u00bbon\u00a0\u00bb][\/et_pb_button][\/et_pb_column][\/et_pb_row][\/et_pb_section][et_pb_section fb_built=\u00a0\u00bb1&Prime; custom_padding_last_edited=\u00a0\u00bbon|phone\u00a0\u00bb module_id=\u00a0\u00bben-image\u00a0\u00bb _builder_version=\u00a0\u00bb4.16&Prime; _module_preset=\u00a0\u00bbdefault\u00a0\u00bb background_enable_image=\u00a0\u00bboff\u00a0\u00bb custom_margin=\u00a0\u00bb0px|0px|0px|0px|false|false\u00a0\u00bb custom_padding=\u00a0\u00bb5vw|5vw|5vw|5vw|true|true\u00a0\u00bb custom_padding_tablet=\u00a0\u00bb\u00a0\u00bb custom_padding_phone=\u00a0\u00bb14vw|7vw|14vw|7vw|true|true\u00a0\u00bb global_colors_info=\u00a0\u00bb{}\u00a0\u00bb][et_pb_row use_custom_gutter=\u00a0\u00bbon\u00a0\u00bb gutter_width=\u00a0\u00bb1&Prime; make_equal=\u00a0\u00bbon\u00a0\u00bb _builder_version=\u00a0\u00bb4.16&Prime; _module_preset=\u00a0\u00bbdefault\u00a0\u00bb width=\u00a0\u00bb100%\u00a0\u00bb max_width=\u00a0\u00bb100%\u00a0\u00bb module_alignment=\u00a0\u00bbcenter\u00a0\u00bb custom_margin=\u00a0\u00bb0px|0px|0px|0px|false|false\u00a0\u00bb custom_padding=\u00a0\u00bb0px|0px|0px|0px|false|false\u00a0\u00bb global_colors_info=\u00a0\u00bb{}\u00a0\u00bb][et_pb_column type=\u00a0\u00bb4_4&Prime; _builder_version=\u00a0\u00bb4.16&Prime; _module_preset=\u00a0\u00bbdefault\u00a0\u00bb background_color=\u00a0\u00bbRGBA(0,0,0,0)\u00a0\u00bb custom_padding=\u00a0\u00bb0px|0px|0px|0px|true|true\u00a0\u00bb global_colors_info=\u00a0\u00bb{}\u00a0\u00bb][et_pb_text _builder_version=\u00a0\u00bb4.16&Prime; _module_preset=\u00a0\u00bbdefault\u00a0\u00bb text_text_color=\u00a0\u00bb#000000&Prime; text_font_size=\u00a0\u00bb16px\u00a0\u00bb link_text_color=\u00a0\u00bb#576679&Prime; header_2_font=\u00a0\u00bb|600|||||||\u00a0\u00bb header_2_text_color=\u00a0\u00bb#576679&Prime; header_2_font_size=\u00a0\u00bb31px\u00a0\u00bb header_2_line_height=\u00a0\u00bb1.2em\u00a0\u00bb header_3_font=\u00a0\u00bb|600|||||||\u00a0\u00bb header_3_text_color=\u00a0\u00bb#576679&Prime; header_3_font_size=\u00a0\u00bb35px\u00a0\u00bb header_3_line_height=\u00a0\u00bb1.2em\u00a0\u00bb header_5_font=\u00a0\u00bb|300||on|||||\u00a0\u00bb header_5_text_color=\u00a0\u00bbRGBA(87,102,121,0.75)\u00a0\u00bb header_5_font_size=\u00a0\u00bb20px\u00a0\u00bb header_5_line_height=\u00a0\u00bb1.2em\u00a0\u00bb custom_margin=\u00a0\u00bb0px||||false|false\u00a0\u00bb global_colors_info=\u00a0\u00bb{}\u00a0\u00bb link_text_color__hover_enabled=\u00a0\u00bbon|hover\u00a0\u00bb link_text_color__hover=\u00a0\u00bb#91AACA\u00a0\u00bb]<\/p>\n<h5 style=\"text-align: center;\">En images<\/h5>\n<h3 style=\"text-align: center;\">Appartement duplex 3 chambres neuf \u00e0 vendre \u00e0 N\u00e9chin<span style=\"color: #000000; text-decoration: underline solid 2px;\"><\/span><\/h3>\n<p>[\/et_pb_text][\/et_pb_column][\/et_pb_row][et_pb_row _builder_version=\u00a0\u00bb4.27.0&Prime; _module_preset=\u00a0\u00bbdefault\u00a0\u00bb global_colors_info=\u00a0\u00bb{}\u00a0\u00bb][et_pb_column type=\u00a0\u00bb4_4&Prime; _builder_version=\u00a0\u00bb4.27.0&Prime; _module_preset=\u00a0\u00bbdefault\u00a0\u00bb global_colors_info=\u00a0\u00bb{}\u00a0\u00bb][et_pb_gallery gallery_ids=\u00a0\u00bb714,715,719,717,772,774,685,688,692,733,707,834,730,680,724,734,720,703,687,699,701,710,829,827,848,849,269,288,287,289,268&Prime; posts_number=\u00a0\u00bb12&Prime; show_title_and_caption=\u00a0\u00bboff\u00a0\u00bb show_pagination=\u00a0\u00bboff\u00a0\u00bb _builder_version=\u00a0\u00bb4.27.0&Prime; _module_preset=\u00a0\u00bbdefault\u00a0\u00bb global_colors_info=\u00a0\u00bb{}\u00a0\u00bb][\/et_pb_gallery][\/et_pb_column][\/et_pb_row][\/et_pb_section][et_pb_section fb_built=\u00a0\u00bb1&Prime; custom_padding_last_edited=\u00a0\u00bbon|phone\u00a0\u00bb module_id=\u00a0\u00bbcontact\u00a0\u00bb _builder_version=\u00a0\u00bb4.27.0&Prime; _module_preset=\u00a0\u00bbdefault\u00a0\u00bb background_image=\u00a0\u00bbhttps:\/\/immo-bds.be\/wp-content\/uploads\/2021\/11\/Appartement-neuf-duplex-3-chambres-Nechin-1920-002.jpg\u00a0\u00bb parallax=\u00a0\u00bbon\u00a0\u00bb custom_margin=\u00a0\u00bb0px|0px|0px|0px|false|false\u00a0\u00bb custom_padding=\u00a0\u00bb5vw|5vw|5vw|5vw|true|true\u00a0\u00bb custom_padding_tablet=\u00a0\u00bb\u00a0\u00bb custom_padding_phone=\u00a0\u00bb14vw|7vw|14vw|7vw|true|true\u00a0\u00bb global_colors_info=\u00a0\u00bb{}\u00a0\u00bb][et_pb_row column_structure=\u00a0\u00bb1_2,1_2&Prime; use_custom_gutter=\u00a0\u00bbon\u00a0\u00bb gutter_width=\u00a0\u00bb1&Prime; make_equal=\u00a0\u00bbon\u00a0\u00bb _builder_version=\u00a0\u00bb4.16&Prime; _module_preset=\u00a0\u00bbdefault\u00a0\u00bb width=\u00a0\u00bb100%\u00a0\u00bb max_width=\u00a0\u00bb100%\u00a0\u00bb module_alignment=\u00a0\u00bbcenter\u00a0\u00bb custom_margin=\u00a0\u00bb0px|0px|0px|0px|false|false\u00a0\u00bb custom_padding=\u00a0\u00bb0px|0px|0px|0px|false|false\u00a0\u00bb global_colors_info=\u00a0\u00bb{}\u00a0\u00bb][et_pb_column type=\u00a0\u00bb1_2&Prime; _builder_version=\u00a0\u00bb4.16&Prime; _module_preset=\u00a0\u00bbdefault\u00a0\u00bb background_color=\u00a0\u00bb#FFFFFF\u00a0\u00bb custom_padding=\u00a0\u00bb2.5vw|2.5vw|2.5vw|2.5vw|true|true\u00a0\u00bb custom_padding_tablet=\u00a0\u00bb\u00a0\u00bb custom_padding_phone=\u00a0\u00bb5vw|5vw|5vw|5vw|true|true\u00a0\u00bb custom_padding_last_edited=\u00a0\u00bbon|phone\u00a0\u00bb global_colors_info=\u00a0\u00bb{}\u00a0\u00bb][et_pb_contact_form use_spam_service=\u00a0\u00bbon\u00a0\u00bb recaptcha_list=\u00a0\u00bbimmo-bdsbe|immo-bdsbe-0&Prime; email=\u00a0\u00bbduchatelet-salembier@skynet.be\u00a0\u00bb custom_message=\u00a0\u00bbDemande de contact depuis immo-bds.be \u2013 R\u00e9sidence La Roy\u00e8re||et_pb_line_break_holder||||et_pb_line_break_holder||Nom : %%Name%%||et_pb_line_break_holder||Adresse e-mail : %%Email%%||et_pb_line_break_holder||T\u00e9l\u00e9phone (facultatif) : %%Phone%%||et_pb_line_break_holder||\u2014||et_pb_line_break_holder||Int\u00e9ress\u00e9 par : %%Choice%%||et_pb_line_break_holder||Demande les plans : %%Plans%%||et_pb_line_break_holder||Demande une visite : %%Visite%% \u2014 Disponibilit\u00e9 : %%Dispo%%||et_pb_line_break_holder||\u2014||et_pb_line_break_holder||%%Message%%\u00a0\u00bb success_message=\u00a0\u00bbVotre demande a bien \u00e9t\u00e9 envoy\u00e9e ! Nous reviendrons vers vous dans les plus brefs d\u00e9lais.\u00a0\u00bb submit_button_text=\u00a0\u00bbEnvoyer\u00a0\u00bb _builder_version=\u00a0\u00bb4.16&Prime; _module_preset=\u00a0\u00bbdefault\u00a0\u00bb _unique_id=\u00a0\u00bb21261963-1bb5-4bc0-83ff-73a472809d5f\u00a0\u00bb form_field_background_color=\u00a0\u00bbRGBA(87,102,121,0.75)\u00a0\u00bb form_field_text_color=\u00a0\u00bb#FFFFFF\u00a0\u00bb form_field_focus_background_color=\u00a0\u00bb#576679&Prime; form_field_focus_text_color=\u00a0\u00bb#FFFFFF\u00a0\u00bb form_field_custom_margin=\u00a0\u00bb0px|0px|10px|0px|false|false\u00a0\u00bb form_field_custom_padding=\u00a0\u00bb5px|10px|5px|10px|false|false\u00a0\u00bb form_field_custom_padding_tablet=\u00a0\u00bb\u00a0\u00bb form_field_custom_padding_phone=\u00a0\u00bb\u00a0\u00bb form_field_custom_padding_last_edited=\u00a0\u00bbon|desktop\u00a0\u00bb title_font_size=\u00a0\u00bb25px\u00a0\u00bb form_field_font=\u00a0\u00bb|600|||||||\u00a0\u00bb form_field_font_size=\u00a0\u00bb16px\u00a0\u00bb custom_button=\u00a0\u00bbon\u00a0\u00bb button_text_color=\u00a0\u00bb#FFFFFF\u00a0\u00bb button_bg_color=\u00a0\u00bb#576679&Prime; button_border_width=\u00a0\u00bb0px\u00a0\u00bb button_border_radius=\u00a0\u00bb0px\u00a0\u00bb button_icon=\u00a0\u00bb&#x4e;||divi||400&Prime; button_icon_color=\u00a0\u00bb#FFFFFF\u00a0\u00bb custom_margin=\u00a0\u00bb||||false|false\u00a0\u00bb custom_css_contact_button=\u00a0\u00bbmargin-top:1vw;\u00a0\u00bb global_colors_info=\u00a0\u00bb{}\u00a0\u00bb button_bg_color__hover_enabled=\u00a0\u00bbon|desktop\u00a0\u00bb button_bg_color__hover=\u00a0\u00bbRGBA(87,102,121,0.75)\u00a0\u00bb button_bg_enable_color__hover=\u00a0\u00bbon\u00a0\u00bb][et_pb_contact_field field_id=\u00a0\u00bbName\u00a0\u00bb field_title=\u00a0\u00bbNom\u00a0\u00bb fullwidth_field=\u00a0\u00bbon\u00a0\u00bb _builder_version=\u00a0\u00bb4.16&Prime; global_colors_info=\u00a0\u00bb{}\u00a0\u00bb button_text_size__hover_enabled=\u00a0\u00bboff\u00a0\u00bb button_one_text_size__hover_enabled=\u00a0\u00bboff\u00a0\u00bb button_two_text_size__hover_enabled=\u00a0\u00bboff\u00a0\u00bb button_text_color__hover_enabled=\u00a0\u00bboff\u00a0\u00bb button_one_text_color__hover_enabled=\u00a0\u00bboff\u00a0\u00bb button_two_text_color__hover_enabled=\u00a0\u00bboff\u00a0\u00bb button_border_width__hover_enabled=\u00a0\u00bboff\u00a0\u00bb button_one_border_width__hover_enabled=\u00a0\u00bboff\u00a0\u00bb button_two_border_width__hover_enabled=\u00a0\u00bboff\u00a0\u00bb button_border_color__hover_enabled=\u00a0\u00bboff\u00a0\u00bb button_one_border_color__hover_enabled=\u00a0\u00bboff\u00a0\u00bb button_two_border_color__hover_enabled=\u00a0\u00bboff\u00a0\u00bb button_border_radius__hover_enabled=\u00a0\u00bboff\u00a0\u00bb button_one_border_radius__hover_enabled=\u00a0\u00bboff\u00a0\u00bb button_two_border_radius__hover_enabled=\u00a0\u00bboff\u00a0\u00bb button_letter_spacing__hover_enabled=\u00a0\u00bboff\u00a0\u00bb button_one_letter_spacing__hover_enabled=\u00a0\u00bboff\u00a0\u00bb button_two_letter_spacing__hover_enabled=\u00a0\u00bboff\u00a0\u00bb button_bg_color__hover_enabled=\u00a0\u00bboff\u00a0\u00bb button_one_bg_color__hover_enabled=\u00a0\u00bboff\u00a0\u00bb button_two_bg_color__hover_enabled=\u00a0\u00bboff\u00a0\u00bb][\/et_pb_contact_field][et_pb_contact_field field_id=\u00a0\u00bbEmail\u00a0\u00bb field_title=\u00a0\u00bbAdresse e-mail\u00a0\u00bb field_type=\u00a0\u00bbemail\u00a0\u00bb fullwidth_field=\u00a0\u00bbon\u00a0\u00bb _builder_version=\u00a0\u00bb4.16&Prime; global_colors_info=\u00a0\u00bb{}\u00a0\u00bb button_text_size__hover_enabled=\u00a0\u00bboff\u00a0\u00bb button_one_text_size__hover_enabled=\u00a0\u00bboff\u00a0\u00bb button_two_text_size__hover_enabled=\u00a0\u00bboff\u00a0\u00bb button_text_color__hover_enabled=\u00a0\u00bboff\u00a0\u00bb button_one_text_color__hover_enabled=\u00a0\u00bboff\u00a0\u00bb button_two_text_color__hover_enabled=\u00a0\u00bboff\u00a0\u00bb button_border_width__hover_enabled=\u00a0\u00bboff\u00a0\u00bb button_one_border_width__hover_enabled=\u00a0\u00bboff\u00a0\u00bb button_two_border_width__hover_enabled=\u00a0\u00bboff\u00a0\u00bb button_border_color__hover_enabled=\u00a0\u00bboff\u00a0\u00bb button_one_border_color__hover_enabled=\u00a0\u00bboff\u00a0\u00bb button_two_border_color__hover_enabled=\u00a0\u00bboff\u00a0\u00bb button_border_radius__hover_enabled=\u00a0\u00bboff\u00a0\u00bb button_one_border_radius__hover_enabled=\u00a0\u00bboff\u00a0\u00bb button_two_border_radius__hover_enabled=\u00a0\u00bboff\u00a0\u00bb button_letter_spacing__hover_enabled=\u00a0\u00bboff\u00a0\u00bb button_one_letter_spacing__hover_enabled=\u00a0\u00bboff\u00a0\u00bb button_two_letter_spacing__hover_enabled=\u00a0\u00bboff\u00a0\u00bb button_bg_color__hover_enabled=\u00a0\u00bboff\u00a0\u00bb button_one_bg_color__hover_enabled=\u00a0\u00bboff\u00a0\u00bb button_two_bg_color__hover_enabled=\u00a0\u00bboff\u00a0\u00bb][\/et_pb_contact_field][et_pb_contact_field field_id=\u00a0\u00bbPhone\u00a0\u00bb field_title=\u00a0\u00bbNum\u00e9ro de t\u00e9l\u00e9phone (facultatif)\u00a0\u00bb required_mark=\u00a0\u00bboff\u00a0\u00bb fullwidth_field=\u00a0\u00bbon\u00a0\u00bb _builder_version=\u00a0\u00bb4.16&Prime; custom_margin=\u00a0\u00bb||1.5vw||false|false\u00a0\u00bb global_colors_info=\u00a0\u00bb{}\u00a0\u00bb button_text_size__hover_enabled=\u00a0\u00bboff\u00a0\u00bb button_one_text_size__hover_enabled=\u00a0\u00bboff\u00a0\u00bb button_two_text_size__hover_enabled=\u00a0\u00bboff\u00a0\u00bb button_text_color__hover_enabled=\u00a0\u00bboff\u00a0\u00bb button_one_text_color__hover_enabled=\u00a0\u00bboff\u00a0\u00bb button_two_text_color__hover_enabled=\u00a0\u00bboff\u00a0\u00bb button_border_width__hover_enabled=\u00a0\u00bboff\u00a0\u00bb button_one_border_width__hover_enabled=\u00a0\u00bboff\u00a0\u00bb button_two_border_width__hover_enabled=\u00a0\u00bboff\u00a0\u00bb button_border_color__hover_enabled=\u00a0\u00bboff\u00a0\u00bb button_one_border_color__hover_enabled=\u00a0\u00bboff\u00a0\u00bb button_two_border_color__hover_enabled=\u00a0\u00bboff\u00a0\u00bb button_border_radius__hover_enabled=\u00a0\u00bboff\u00a0\u00bb button_one_border_radius__hover_enabled=\u00a0\u00bboff\u00a0\u00bb button_two_border_radius__hover_enabled=\u00a0\u00bboff\u00a0\u00bb button_letter_spacing__hover_enabled=\u00a0\u00bboff\u00a0\u00bb button_one_letter_spacing__hover_enabled=\u00a0\u00bboff\u00a0\u00bb button_two_letter_spacing__hover_enabled=\u00a0\u00bboff\u00a0\u00bb button_bg_color__hover_enabled=\u00a0\u00bboff\u00a0\u00bb button_one_bg_color__hover_enabled=\u00a0\u00bboff\u00a0\u00bb button_two_bg_color__hover_enabled=\u00a0\u00bboff\u00a0\u00bb][\/et_pb_contact_field][et_pb_contact_field field_id=\u00a0\u00bbVisite\u00a0\u00bb field_title=\u00a0\u00bbJe souhaite :\u00a0\u00bb field_type=\u00a0\u00bbcheckbox\u00a0\u00bb checkbox_options=\u00a0\u00bb%91{%22value%22:%22Visiter l&rsquo;appartement%22,%22checked%22:0,%22dragID%22:0}%93&Prime; required_mark=\u00a0\u00bboff\u00a0\u00bb fullwidth_field=\u00a0\u00bbon\u00a0\u00bb _builder_version=\u00a0\u00bb4.16&Prime; _module_preset=\u00a0\u00bbdefault\u00a0\u00bb form_field_background_color=\u00a0\u00bbRGBA(145,170,202,0.75)\u00a0\u00bb form_field_text_color=\u00a0\u00bbRGBA(0,0,0,0.75)\u00a0\u00bb form_field_focus_background_color=\u00a0\u00bb#FFFFFF\u00a0\u00bb form_field_focus_text_color=\u00a0\u00bb#91AACA\u00a0\u00bb text_orientation=\u00a0\u00bbleft\u00a0\u00bb global_colors_info=\u00a0\u00bb{}\u00a0\u00bb][\/et_pb_contact_field][et_pb_contact_field field_id=\u00a0\u00bbMessage\u00a0\u00bb field_title=\u00a0\u00bbMessage\u00a0\u00bb field_type=\u00a0\u00bbtext\u00a0\u00bb fullwidth_field=\u00a0\u00bbon\u00a0\u00bb _builder_version=\u00a0\u00bb4.16&Prime; custom_margin=\u00a0\u00bb||||false|false\u00a0\u00bb custom_padding=\u00a0\u00bb1.5vw||||false|false\u00a0\u00bb global_colors_info=\u00a0\u00bb{}\u00a0\u00bb button_text_size__hover_enabled=\u00a0\u00bboff\u00a0\u00bb button_one_text_size__hover_enabled=\u00a0\u00bboff\u00a0\u00bb button_two_text_size__hover_enabled=\u00a0\u00bboff\u00a0\u00bb button_text_color__hover_enabled=\u00a0\u00bboff\u00a0\u00bb button_one_text_color__hover_enabled=\u00a0\u00bboff\u00a0\u00bb button_two_text_color__hover_enabled=\u00a0\u00bboff\u00a0\u00bb button_border_width__hover_enabled=\u00a0\u00bboff\u00a0\u00bb button_one_border_width__hover_enabled=\u00a0\u00bboff\u00a0\u00bb button_two_border_width__hover_enabled=\u00a0\u00bboff\u00a0\u00bb button_border_color__hover_enabled=\u00a0\u00bboff\u00a0\u00bb button_one_border_color__hover_enabled=\u00a0\u00bboff\u00a0\u00bb button_two_border_color__hover_enabled=\u00a0\u00bboff\u00a0\u00bb button_border_radius__hover_enabled=\u00a0\u00bboff\u00a0\u00bb button_one_border_radius__hover_enabled=\u00a0\u00bboff\u00a0\u00bb button_two_border_radius__hover_enabled=\u00a0\u00bboff\u00a0\u00bb button_letter_spacing__hover_enabled=\u00a0\u00bboff\u00a0\u00bb button_one_letter_spacing__hover_enabled=\u00a0\u00bboff\u00a0\u00bb button_two_letter_spacing__hover_enabled=\u00a0\u00bboff\u00a0\u00bb button_bg_color__hover_enabled=\u00a0\u00bboff\u00a0\u00bb button_one_bg_color__hover_enabled=\u00a0\u00bboff\u00a0\u00bb button_two_bg_color__hover_enabled=\u00a0\u00bboff\u00a0\u00bb][\/et_pb_contact_field][\/et_pb_contact_form][et_pb_text _builder_version=\u00a0\u00bb4.16&Prime; _module_preset=\u00a0\u00bbdefault\u00a0\u00bb text_text_color=\u00a0\u00bb#000000&Prime; text_font_size=\u00a0\u00bb16px\u00a0\u00bb link_font=\u00a0\u00bb|700|||||||\u00a0\u00bb link_text_color=\u00a0\u00bb#576679&Prime; header_2_font=\u00a0\u00bb|600|||||||\u00a0\u00bb header_2_text_color=\u00a0\u00bb#576679&Prime; header_2_font_size=\u00a0\u00bb31px\u00a0\u00bb header_2_line_height=\u00a0\u00bb1.2em\u00a0\u00bb header_3_font=\u00a0\u00bb|600|||||||\u00a0\u00bb header_3_text_color=\u00a0\u00bb#000000&Prime; header_5_font=\u00a0\u00bb|300||on|||||\u00a0\u00bb header_5_text_color=\u00a0\u00bbRGBA(87,102,121,0.75)\u00a0\u00bb header_5_font_size=\u00a0\u00bb20px\u00a0\u00bb header_5_line_height=\u00a0\u00bb1.2em\u00a0\u00bb custom_margin=\u00a0\u00bb50px||||false|false\u00a0\u00bb global_colors_info=\u00a0\u00bb{}\u00a0\u00bb link_text_color__hover_enabled=\u00a0\u00bbon|desktop\u00a0\u00bb link_text_color__hover=\u00a0\u00bbRGBA(87,102,121,0.75)\u00a0\u00bb]<\/p>\n<h5 style=\"margin-bottom: 3px;\">Nous contacter<\/h5>\n<h2 style=\"margin-bottom: 5px;\"><strong style=\"color: #000000;\">Immo BDS<\/strong>, votre partenaire pour un investissement durable<\/h2>\n<p>Notre soci\u00e9t\u00e9 Immo BDS tire son nom de l\u2019entreprise familiale, la Brasserie Duchatelet-Salembier, implant\u00e9e \u00e0 N\u00e9chin en 1865. Au d\u00e9part de la reconversion r\u00e9ussie de cet immeuble remarquable, notre entreprise de promotion immobili\u00e8re a am\u00e9nag\u00e9 des appartements dont certains ont \u00e9t\u00e9 conserv\u00e9s en patrimoine. A nos yeux, construire votre logement requiert le m\u00eame souci de la qualit\u00e9 et du d\u00e9tail que s\u2019il s\u2019agissait de nos propres biens\u00a0!<\/p>\n<h3>Pour tout renseignement ou pour une visite, <strong>contactez-nous<\/strong>\u00a0!<\/h3>\n<p>\u2706\u00a0<a href=\"tel:0032475352508\">+32 (0)475 35 25 08<\/a><br \/>@ <a href=\"mailto:duchatelet-salembier@skynet.be\">duchatelet-salembier@skynet.be<\/a><\/p>\n<p>[\/et_pb_text][\/et_pb_column][et_pb_column type=\u00a0\u00bb1_2&Prime; _builder_version=\u00a0\u00bb4.16&Prime; _module_preset=\u00a0\u00bbdefault\u00a0\u00bb custom_css_main_element=\u00a0\u00bbdisplay: flex;||flex-direction: column;||justify-content: flex-end;\u00a0\u00bb global_colors_info=\u00a0\u00bb{}\u00a0\u00bb][et_pb_button button_url=\u00a0\u00bb#top\u00a0\u00bb button_text=\u00a0\u00bbRetour en haut\u00a0\u00bb button_alignment=\u00a0\u00bbright\u00a0\u00bb _builder_version=\u00a0\u00bb4.16&Prime; _module_preset=\u00a0\u00bbdefault\u00a0\u00bb custom_button=\u00a0\u00bbon\u00a0\u00bb button_text_color=\u00a0\u00bb#576679&Prime; button_bg_color=\u00a0\u00bb#FFFFFF\u00a0\u00bb button_border_width=\u00a0\u00bb0px\u00a0\u00bb button_border_radius=\u00a0\u00bb0px\u00a0\u00bb button_icon=\u00a0\u00bb&#x32;||divi||400&Prime; position_origin_a=\u00a0\u00bbbottom_right\u00a0\u00bb overflow-x=\u00a0\u00bbvisible\u00a0\u00bb custom_margin_tablet=\u00a0\u00bb\u00a0\u00bb custom_margin_phone=\u00a0\u00bb5vw||||false|false\u00a0\u00bb custom_margin_last_edited=\u00a0\u00bbon|phone\u00a0\u00bb global_colors_info=\u00a0\u00bb{}\u00a0\u00bb button_bg_color__hover_enabled=\u00a0\u00bbon|hover\u00a0\u00bb button_bg_color__hover=\u00a0\u00bb#FFFFFF\u00a0\u00bb button_bg_enable_color__hover=\u00a0\u00bbon\u00a0\u00bb][\/et_pb_button][\/et_pb_column][\/et_pb_row][\/et_pb_section][et_pb_section fb_built=\u00a0\u00bb1&Prime; module_id=\u00a0\u00bblocalisation\u00a0\u00bb _builder_version=\u00a0\u00bb4.16&Prime; _module_preset=\u00a0\u00bbdefault\u00a0\u00bb background_enable_image=\u00a0\u00bboff\u00a0\u00bb custom_margin=\u00a0\u00bb0px|0px|0px|0px|false|false\u00a0\u00bb custom_padding=\u00a0\u00bb5vw|5vw|5vw|5vw|true|true\u00a0\u00bb global_colors_info=\u00a0\u00bb{}\u00a0\u00bb][et_pb_row column_structure=\u00a0\u00bb3_4,1_4&Prime; use_custom_gutter=\u00a0\u00bbon\u00a0\u00bb gutter_width=\u00a0\u00bb1&Prime; make_equal=\u00a0\u00bbon\u00a0\u00bb _builder_version=\u00a0\u00bb4.16&Prime; _module_preset=\u00a0\u00bbdefault\u00a0\u00bb width=\u00a0\u00bb100%\u00a0\u00bb max_width=\u00a0\u00bb100%\u00a0\u00bb module_alignment=\u00a0\u00bbcenter\u00a0\u00bb custom_margin=\u00a0\u00bb0px|0px|0px|0px|false|false\u00a0\u00bb custom_padding=\u00a0\u00bb0px|0px|0vw|0px|false|false\u00a0\u00bb global_colors_info=\u00a0\u00bb{}\u00a0\u00bb][et_pb_column type=\u00a0\u00bb3_4&Prime; _builder_version=\u00a0\u00bb4.16&Prime; _module_preset=\u00a0\u00bbdefault\u00a0\u00bb border_width_right=\u00a0\u00bb1.25vw\u00a0\u00bb border_color_right=\u00a0\u00bb#FFFFFF\u00a0\u00bb global_colors_info=\u00a0\u00bb{}\u00a0\u00bb][et_pb_text _builder_version=\u00a0\u00bb4.27.0&Prime; _module_preset=\u00a0\u00bbdefault\u00a0\u00bb text_text_color=\u00a0\u00bb#000000&Prime; link_font=\u00a0\u00bb|600|||||||\u00a0\u00bb link_text_color=\u00a0\u00bb#000000&Prime; global_colors_info=\u00a0\u00bb{}\u00a0\u00bb link_text_color__hover_enabled=\u00a0\u00bbon|desktop\u00a0\u00bb link_text_color__hover=\u00a0\u00bbRGBA(0,0,0,0.75)\u00a0\u00bb]<\/p>\n<p>\u00a9 immo-bds.be 2021\u00a0\u00a0\u2014\u00a0\u00a0<a href=\"https:\/\/immo-bds.be\/index.php\/mentions-legales\/\" target=\"_blank\" rel=\"noopener\">Mentions l\u00e9gales<\/a>\u00a0\u00a0|\u00a0\u00a0<a href=\"https:\/\/immo-bds.be\/index.php\/rgpd\/\" target=\"_blank\" rel=\"noopener\">Confidentialit\u00e9\/RGPD<\/a>\u00a0\u00a0|\u00a0\u00a0<a href=\"https:\/\/immo-bds.be\/wp-content\/uploads\/2021\/07\/Circulaire-2021-C-18-taux-reduit-TVA.pdf\" target=\"_blank\" rel=\"noopener\">TVA 6%<\/a>\u00a0\u00a0\u2014\u00a0\u00a0D\u00e9velopp\u00e9 par <a href=\"https:\/\/www.labelpages.com\/\" target=\"_blank\" rel=\"noopener\">Labelpages<\/a>, Rendus 3D par <a href=\"https:\/\/asymetrie.be\/\" target=\"_blank\" rel=\"noopener\">Asymetrie<\/a>, Maintenance par <a href=\"https:\/\/www.dedic8.be\" target=\"_blank\" rel=\"noopener\" title=\"DEDIC8\">DEDIC8<\/a><\/p>\n<p>[\/et_pb_text][\/et_pb_column][et_pb_column type=\u00a0\u00bb1_4&Prime; _builder_version=\u00a0\u00bb4.16&Prime; _module_preset=\u00a0\u00bbdefault\u00a0\u00bb border_width_right=\u00a0\u00bb1.25vw\u00a0\u00bb border_color_right=\u00a0\u00bb#FFFFFF\u00a0\u00bb global_colors_info=\u00a0\u00bb{}\u00a0\u00bb][et_pb_image src=\u00a0\u00bbhttps:\/\/immo-bds.be\/wp-content\/uploads\/2021\/06\/Immo-BDS_Re\u0301sidence_La_Roye\u0300re_Logo-03.svg\u00a0\u00bb alt=\u00a0\u00bbimmo-bds.be | R\u00e9sidence La Roy\u00e8re | N\u00e9chin\u00a0\u00bb title_text=\u00a0\u00bbimmo-bds.be | R\u00e9sidence La Roy\u00e8re | N\u00e9chin\u00a0\u00bb url=\u00a0\u00bbhttps:\/\/immo-bds.be\/\u00a0\u00bb _builder_version=\u00a0\u00bb4.16&Prime; _module_preset=\u00a0\u00bbdefault\u00a0\u00bb width=\u00a0\u00bb15vw\u00a0\u00bb width_tablet=\u00a0\u00bb25vw\u00a0\u00bb width_phone=\u00a0\u00bb35vw\u00a0\u00bb width_last_edited=\u00a0\u00bbon|tablet\u00a0\u00bb max_width=\u00a0\u00bb15vw\u00a0\u00bb max_width_tablet=\u00a0\u00bb25vw\u00a0\u00bb max_width_phone=\u00a0\u00bb35vw\u00a0\u00bb max_width_last_edited=\u00a0\u00bbon|tablet\u00a0\u00bb module_alignment=\u00a0\u00bbright\u00a0\u00bb custom_margin_tablet=\u00a0\u00bb2.5vw||||false|false\u00a0\u00bb custom_margin_phone=\u00a0\u00bb5vw||||false|false\u00a0\u00bb custom_margin_last_edited=\u00a0\u00bbon|tablet\u00a0\u00bb global_colors_info=\u00a0\u00bb{}\u00a0\u00bb][\/et_pb_image][\/et_pb_column][\/et_pb_row][\/et_pb_section]<\/p>\n","protected":false},"excerpt":{"rendered":"<p>Appartement neuf duplex 3 chambres \u00e0 vendre \u00e0 N\u00e9chinDans une r\u00e9sidence contemporaine situ\u00e9e au centre du village de N\u00e9chin, entre Tournai et Mouscron, cet appartement duplex neuf offre 3 belles chambres et un volume de 139m\u00b2 Les atouts de ce duplex 3 chambres sont nombreux\u00a0: Espaces de vie lumineux et confortables ; Accessible par un [&hellip;]<\/p>\n","protected":false},"author":2,"featured_media":288,"parent":0,"menu_order":0,"comment_status":"closed","ping_status":"closed","template":"page-template-blank.php","meta":{"_et_pb_use_builder":"on","_et_pb_old_content":"","_et_gb_content_width":"","inline_featured_image":false,"footnotes":""},"class_list":["post-670","page","type-page","status-publish","has-post-thumbnail","hentry"],"yoast_head":"<!-- This site is optimized with the Yoast SEO plugin v28.3 - https:\/\/yoast.com\/product\/yoast-seo-wordpress\/ -->\n<title>Appartement 3 chambres de 139 m\u00b2 \u00e0 N\u00e9chin - Immo BDS<\/title>\n<meta name=\"description\" content=\"Situ\u00e9e \u00e0 N\u00e9chin (Estaimpuis, Belgique) cet appartement duplex de 139m\u00b2 dispose des caract\u00e9ristiques id\u00e9ales : style \u00e9pur\u00e9, volumes lumineux, mat\u00e9riaux haut de gamme, classe \u00e9nerg\u00e9tique PEB A, acc\u00e8s s\u00e9curis\u00e9s et ascenseur privatifs, possibilit\u00e9 d\u2019ajouter une place de stationnement ou un garage.\" \/>\n<meta name=\"robots\" content=\"index, follow, max-snippet:-1, max-image-preview:large, max-video-preview:-1\" \/>\n<link rel=\"canonical\" href=\"https:\/\/immo-bds.be\/index.php\/appartement-3-chambres-de-139-m2-a-nechin\/\" \/>\n<meta property=\"og:locale\" content=\"fr_FR\" \/>\n<meta property=\"og:type\" content=\"article\" \/>\n<meta property=\"og:title\" content=\"Appartement 3 chambres de 139 m\u00b2 \u00e0 N\u00e9chin - Immo BDS\" \/>\n<meta property=\"og:description\" content=\"Situ\u00e9e \u00e0 N\u00e9chin (Estaimpuis, Belgique) cet appartement duplex de 139m\u00b2 dispose des caract\u00e9ristiques id\u00e9ales : style \u00e9pur\u00e9, volumes lumineux, mat\u00e9riaux haut de gamme, classe \u00e9nerg\u00e9tique PEB A, acc\u00e8s s\u00e9curis\u00e9s et ascenseur privatifs, possibilit\u00e9 d\u2019ajouter une place de stationnement ou un garage.\" \/>\n<meta property=\"og:url\" content=\"https:\/\/immo-bds.be\/index.php\/appartement-3-chambres-de-139-m2-a-nechin\/\" \/>\n<meta property=\"og:site_name\" content=\"Immo BDS\" \/>\n<meta property=\"article:modified_time\" content=\"2024-08-15T20:08:57+00:00\" \/>\n<meta property=\"og:image\" content=\"https:\/\/immo-bds.be\/wp-content\/uploads\/2021\/06\/Nechin-Immeuble-place-du-Sacre-Coeur-interieurs-Vue-2-210128-1.jpg\" \/>\n\t<meta property=\"og:image:width\" content=\"1500\" \/>\n\t<meta property=\"og:image:height\" content=\"1000\" \/>\n\t<meta property=\"og:image:type\" content=\"image\/jpeg\" \/>\n<meta name=\"twitter:card\" content=\"summary_large_image\" \/>\n<meta name=\"twitter:label1\" content=\"Dur\u00e9e de lecture est.\" \/>\n\t<meta name=\"twitter:data1\" content=\"6 minutes\" \/>\n<script type=\"application\/ld+json\" class=\"yoast-schema-graph\">{\"@context\":\"https:\\\/\\\/schema.org\",\"@graph\":[{\"@type\":\"WebPage\",\"@id\":\"https:\\\/\\\/immo-bds.be\\\/index.php\\\/appartement-3-chambres-de-139-m2-a-nechin\\\/\",\"url\":\"https:\\\/\\\/immo-bds.be\\\/index.php\\\/appartement-3-chambres-de-139-m2-a-nechin\\\/\",\"name\":\"Appartement 3 chambres de 139 m\u00b2 \u00e0 N\u00e9chin - Immo BDS\",\"isPartOf\":{\"@id\":\"https:\\\/\\\/immo-bds.be\\\/#website\"},\"primaryImageOfPage\":{\"@id\":\"https:\\\/\\\/immo-bds.be\\\/index.php\\\/appartement-3-chambres-de-139-m2-a-nechin\\\/#primaryimage\"},\"image\":{\"@id\":\"https:\\\/\\\/immo-bds.be\\\/index.php\\\/appartement-3-chambres-de-139-m2-a-nechin\\\/#primaryimage\"},\"thumbnailUrl\":\"https:\\\/\\\/immo-bds.be\\\/wp-content\\\/uploads\\\/2021\\\/06\\\/Nechin-Immeuble-place-du-Sacre-Coeur-interieurs-Vue-2-210128-1.jpg\",\"datePublished\":\"2021-11-30T21:43:36+00:00\",\"dateModified\":\"2024-08-15T20:08:57+00:00\",\"description\":\"Situ\u00e9e \u00e0 N\u00e9chin (Estaimpuis, Belgique) cet appartement duplex de 139m\u00b2 dispose des caract\u00e9ristiques id\u00e9ales : style \u00e9pur\u00e9, volumes lumineux, mat\u00e9riaux haut de gamme, classe \u00e9nerg\u00e9tique PEB A, acc\u00e8s s\u00e9curis\u00e9s et ascenseur privatifs, possibilit\u00e9 d\u2019ajouter une place de stationnement ou un garage.\",\"breadcrumb\":{\"@id\":\"https:\\\/\\\/immo-bds.be\\\/index.php\\\/appartement-3-chambres-de-139-m2-a-nechin\\\/#breadcrumb\"},\"inLanguage\":\"fr-BE\",\"potentialAction\":[{\"@type\":\"ReadAction\",\"target\":[\"https:\\\/\\\/immo-bds.be\\\/index.php\\\/appartement-3-chambres-de-139-m2-a-nechin\\\/\"]}]},{\"@type\":\"ImageObject\",\"inLanguage\":\"fr-BE\",\"@id\":\"https:\\\/\\\/immo-bds.be\\\/index.php\\\/appartement-3-chambres-de-139-m2-a-nechin\\\/#primaryimage\",\"url\":\"https:\\\/\\\/immo-bds.be\\\/wp-content\\\/uploads\\\/2021\\\/06\\\/Nechin-Immeuble-place-du-Sacre-Coeur-interieurs-Vue-2-210128-1.jpg\",\"contentUrl\":\"https:\\\/\\\/immo-bds.be\\\/wp-content\\\/uploads\\\/2021\\\/06\\\/Nechin-Immeuble-place-du-Sacre-Coeur-interieurs-Vue-2-210128-1.jpg\",\"width\":1500,\"height\":1000,\"caption\":\"Immo-bds.be | Appartements \u00e0 vendre \u2013 N\u00e9chin\"},{\"@type\":\"BreadcrumbList\",\"@id\":\"https:\\\/\\\/immo-bds.be\\\/index.php\\\/appartement-3-chambres-de-139-m2-a-nechin\\\/#breadcrumb\",\"itemListElement\":[{\"@type\":\"ListItem\",\"position\":1,\"name\":\"Accueil\",\"item\":\"https:\\\/\\\/immo-bds.be\\\/\"},{\"@type\":\"ListItem\",\"position\":2,\"name\":\"Appartement 3 chambres de 139 m\u00b2 \u00e0 N\u00e9chin\"}]},{\"@type\":\"WebSite\",\"@id\":\"https:\\\/\\\/immo-bds.be\\\/#website\",\"url\":\"https:\\\/\\\/immo-bds.be\\\/\",\"name\":\"Immo BDS\",\"description\":\"R\u00e9sidence La Roy\u00e8re\",\"potentialAction\":[{\"@type\":\"SearchAction\",\"target\":{\"@type\":\"EntryPoint\",\"urlTemplate\":\"https:\\\/\\\/immo-bds.be\\\/?s={search_term_string}\"},\"query-input\":{\"@type\":\"PropertyValueSpecification\",\"valueRequired\":true,\"valueName\":\"search_term_string\"}}],\"inLanguage\":\"fr-BE\"}]}<\/script>\n<!-- \/ Yoast SEO plugin. -->","yoast_head_json":{"title":"Appartement 3 chambres de 139 m\u00b2 \u00e0 N\u00e9chin - Immo BDS","description":"Situ\u00e9e \u00e0 N\u00e9chin (Estaimpuis, Belgique) cet appartement duplex de 139m\u00b2 dispose des caract\u00e9ristiques id\u00e9ales : style \u00e9pur\u00e9, volumes lumineux, mat\u00e9riaux haut de gamme, classe \u00e9nerg\u00e9tique PEB A, acc\u00e8s s\u00e9curis\u00e9s et ascenseur privatifs, possibilit\u00e9 d\u2019ajouter une place de stationnement ou un garage.","robots":{"index":"index","follow":"follow","max-snippet":"max-snippet:-1","max-image-preview":"max-image-preview:large","max-video-preview":"max-video-preview:-1"},"canonical":"https:\/\/immo-bds.be\/index.php\/appartement-3-chambres-de-139-m2-a-nechin\/","og_locale":"fr_FR","og_type":"article","og_title":"Appartement 3 chambres de 139 m\u00b2 \u00e0 N\u00e9chin - Immo BDS","og_description":"Situ\u00e9e \u00e0 N\u00e9chin (Estaimpuis, Belgique) cet appartement duplex de 139m\u00b2 dispose des caract\u00e9ristiques id\u00e9ales : style \u00e9pur\u00e9, volumes lumineux, mat\u00e9riaux haut de gamme, classe \u00e9nerg\u00e9tique PEB A, acc\u00e8s s\u00e9curis\u00e9s et ascenseur privatifs, possibilit\u00e9 d\u2019ajouter une place de stationnement ou un garage.","og_url":"https:\/\/immo-bds.be\/index.php\/appartement-3-chambres-de-139-m2-a-nechin\/","og_site_name":"Immo BDS","article_modified_time":"2024-08-15T20:08:57+00:00","og_image":[{"width":1500,"height":1000,"url":"https:\/\/immo-bds.be\/wp-content\/uploads\/2021\/06\/Nechin-Immeuble-place-du-Sacre-Coeur-interieurs-Vue-2-210128-1.jpg","type":"image\/jpeg"}],"twitter_card":"summary_large_image","twitter_misc":{"Dur\u00e9e de lecture est.":"6 minutes"},"schema":{"@context":"https:\/\/schema.org","@graph":[{"@type":"WebPage","@id":"https:\/\/immo-bds.be\/index.php\/appartement-3-chambres-de-139-m2-a-nechin\/","url":"https:\/\/immo-bds.be\/index.php\/appartement-3-chambres-de-139-m2-a-nechin\/","name":"Appartement 3 chambres de 139 m\u00b2 \u00e0 N\u00e9chin - Immo BDS","isPartOf":{"@id":"https:\/\/immo-bds.be\/#website"},"primaryImageOfPage":{"@id":"https:\/\/immo-bds.be\/index.php\/appartement-3-chambres-de-139-m2-a-nechin\/#primaryimage"},"image":{"@id":"https:\/\/immo-bds.be\/index.php\/appartement-3-chambres-de-139-m2-a-nechin\/#primaryimage"},"thumbnailUrl":"https:\/\/immo-bds.be\/wp-content\/uploads\/2021\/06\/Nechin-Immeuble-place-du-Sacre-Coeur-interieurs-Vue-2-210128-1.jpg","datePublished":"2021-11-30T21:43:36+00:00","dateModified":"2024-08-15T20:08:57+00:00","description":"Situ\u00e9e \u00e0 N\u00e9chin (Estaimpuis, Belgique) cet appartement duplex de 139m\u00b2 dispose des caract\u00e9ristiques id\u00e9ales : style \u00e9pur\u00e9, volumes lumineux, mat\u00e9riaux haut de gamme, classe \u00e9nerg\u00e9tique PEB A, acc\u00e8s s\u00e9curis\u00e9s et ascenseur privatifs, possibilit\u00e9 d\u2019ajouter une place de stationnement ou un garage.","breadcrumb":{"@id":"https:\/\/immo-bds.be\/index.php\/appartement-3-chambres-de-139-m2-a-nechin\/#breadcrumb"},"inLanguage":"fr-BE","potentialAction":[{"@type":"ReadAction","target":["https:\/\/immo-bds.be\/index.php\/appartement-3-chambres-de-139-m2-a-nechin\/"]}]},{"@type":"ImageObject","inLanguage":"fr-BE","@id":"https:\/\/immo-bds.be\/index.php\/appartement-3-chambres-de-139-m2-a-nechin\/#primaryimage","url":"https:\/\/immo-bds.be\/wp-content\/uploads\/2021\/06\/Nechin-Immeuble-place-du-Sacre-Coeur-interieurs-Vue-2-210128-1.jpg","contentUrl":"https:\/\/immo-bds.be\/wp-content\/uploads\/2021\/06\/Nechin-Immeuble-place-du-Sacre-Coeur-interieurs-Vue-2-210128-1.jpg","width":1500,"height":1000,"caption":"Immo-bds.be | Appartements \u00e0 vendre \u2013 N\u00e9chin"},{"@type":"BreadcrumbList","@id":"https:\/\/immo-bds.be\/index.php\/appartement-3-chambres-de-139-m2-a-nechin\/#breadcrumb","itemListElement":[{"@type":"ListItem","position":1,"name":"Accueil","item":"https:\/\/immo-bds.be\/"},{"@type":"ListItem","position":2,"name":"Appartement 3 chambres de 139 m\u00b2 \u00e0 N\u00e9chin"}]},{"@type":"WebSite","@id":"https:\/\/immo-bds.be\/#website","url":"https:\/\/immo-bds.be\/","name":"Immo BDS","description":"R\u00e9sidence La Roy\u00e8re","potentialAction":[{"@type":"SearchAction","target":{"@type":"EntryPoint","urlTemplate":"https:\/\/immo-bds.be\/?s={search_term_string}"},"query-input":{"@type":"PropertyValueSpecification","valueRequired":true,"valueName":"search_term_string"}}],"inLanguage":"fr-BE"}]}},"_links":{"self":[{"href":"https:\/\/immo-bds.be\/index.php\/wp-json\/wp\/v2\/pages\/670","targetHints":{"allow":["GET"]}}],"collection":[{"href":"https:\/\/immo-bds.be\/index.php\/wp-json\/wp\/v2\/pages"}],"about":[{"href":"https:\/\/immo-bds.be\/index.php\/wp-json\/wp\/v2\/types\/page"}],"author":[{"embeddable":true,"href":"https:\/\/immo-bds.be\/index.php\/wp-json\/wp\/v2\/users\/2"}],"replies":[{"embeddable":true,"href":"https:\/\/immo-bds.be\/index.php\/wp-json\/wp\/v2\/comments?post=670"}],"version-history":[{"count":29,"href":"https:\/\/immo-bds.be\/index.php\/wp-json\/wp\/v2\/pages\/670\/revisions"}],"predecessor-version":[{"id":852,"href":"https:\/\/immo-bds.be\/index.php\/wp-json\/wp\/v2\/pages\/670\/revisions\/852"}],"wp:featuredmedia":[{"embeddable":true,"href":"https:\/\/immo-bds.be\/index.php\/wp-json\/wp\/v2\/media\/288"}],"wp:attachment":[{"href":"https:\/\/immo-bds.be\/index.php\/wp-json\/wp\/v2\/media?parent=670"}],"curies":[{"name":"wp","href":"https:\/\/api.w.org\/{rel}","templated":true}]}}